{"id":2,"date":"2013-05-14T15:20:27","date_gmt":"2013-05-14T13:20:27","guid":{"rendered":"http:\/\/demo.kronbergerleben.de\/?page_id=2"},"modified":"2025-01-31T16:40:37","modified_gmt":"2025-01-31T14:40:37","slug":"herbstmarkt-2-0","status":"publish","type":"page","link":"https:\/\/www.kronbergerleben.de\/en\/","title":{"rendered":"Welcome to Kronberg"},"content":{"rendered":"<p><figure class=\"wp-block-embed wp-block-embed-youtube is-type-video is-provider-youtube epyt-figure\"><div class=\"wp-block-embed__wrapper\"><iframe loading=\"lazy\"  id=\"_ytid_90558\"  width=\"625\" height=\"352\"  data-origwidth=\"625\" data-origheight=\"352\" src=\"https:\/\/www.youtube.com\/embed\/2EkJJ7VzVIU?enablejsapi=1&autoplay=0&cc_load_policy=0&cc_lang_pref=&iv_load_policy=1&loop=0&rel=1&fs=1&playsinline=0&autohide=2&theme=dark&color=red&controls=1&disablekb=0&\" class=\"__youtube_prefs__  no-lazyload\" title=\"YouTube player\"  allow=\"fullscreen; accelerometer; autoplay; clipboard-write; encrypted-media; gyroscope; picture-in-picture; web-share\" referrerpolicy=\"strict-origin-when-cross-origin\" allowfullscreen data-no-lazy=\"1\" data-skipgform_ajax_framebjll=\"\"><\/iframe><\/div><\/figure><\/p>\n<p><span style=\"color: #c91e44;\"><strong>Dear visitors,<\/strong><\/span><\/p>\n<p><span class=\"s2\">The <\/span><span class=\"s3\">kronbergerleben<\/span><span class=\"s2\"> Autumn Market is transforming into <\/span><strong><span class=\"s3\">\u201cRendezvous in Kronberg\u201d<\/span><\/strong><span class=\"s2\"><strong>.<\/strong><br \/>\n<\/span><span class=\"s3\">Rendezvous in Kronberg<\/span><span class=\"s2\"> brings together the best of the <\/span><span class=\"s3\">kronbergerleben<\/span><span class=\"s2\"> Autumn Market, the <\/span><span class=\"s3\">Kulturnacht<\/span><span class=\"s2\">, the <\/span><span class=\"s3\">Fest der Vielfalt<\/span><span class=\"s2\">, and other Kronberg events.<br \/>\n<\/span><strong><span class=\"s2\">For the first time, this festival will take place on <\/span><span class=\"s1\">Sunday, September 14, 2025<\/span><span class=\"s2\">.<\/span><\/strong><\/p>\n<p class=\"p1\"><span class=\"s2\">On this day, shops will be open from <\/span><span class=\"s1\">12:00 PM to 6:00 PM<\/span><span class=\"s2\">.<br \/>\n<\/span><span class=\"s2\">Come visit <\/span><span class=\"s1\">Kronberg im Taunus<\/span><span class=\"s2\"> and celebrate with us!<br \/>\n<\/span><span class=\"s2\">Our retailers and restaurateurs look forward to welcoming you.<br \/>\n<\/span><\/p>\n<p class=\"p1\"><span class=\"s1\">Your BDS Board<\/span><\/p>\n<hr \/>\n<p><strong><strong><span style=\"color: #c91e44;\">Bildergalerie<\/span> \u00a0<code><\/code><\/strong><\/strong><\/p>\n<p> <!-- PhotoMosaic v2.4.7 --> <script type=\"text\/javascript\" data-photomosaic-gallery=\"true\"> var PMalbum1184968667 = [{ \"src\": \"https:\/\/www.kronbergerleben.de\/wp-content\/uploads\/2013\/09\/Impressionen_SvE_9565.jpg\", \"thumb\": \"https:\/\/www.kronbergerleben.de\/wp-content\/uploads\/2013\/09\/Impressionen_SvE_9565-200x300.jpg\", \"sizes\": { \"thumbnail\" : \"https:\/\/www.kronbergerleben.de\/wp-content\/uploads\/2013\/09\/Impressionen_SvE_9565-100x150.jpg\", \"medium\" : \"https:\/\/www.kronbergerleben.de\/wp-content\/uploads\/2013\/09\/Impressionen_SvE_9565-200x300.jpg\", \"large\" : \"https:\/\/www.kronbergerleben.de\/wp-content\/uploads\/2013\/09\/Impressionen_SvE_9565-683x1024.jpg\", \"full\" : \"https:\/\/www.kronbergerleben.de\/wp-content\/uploads\/2013\/09\/Impressionen_SvE_9565.jpg\" }, \"caption\": \"Blick in die Friedrich-Ebert-Stra\u00dfe, bei Simone Korte von P+P Projkt und Produkt konnte man Handt\u00fccher selbst bedrucken-\", \"alt\": \"\", \"width\": \"778\", \"height\": \"1166\" ,\"jetpack\" : false },{ \"src\": \"https:\/\/www.kronbergerleben.de\/wp-content\/uploads\/2013\/09\/Genusstafel_SvE_9685.jpg\", \"thumb\": \"https:\/\/www.kronbergerleben.de\/wp-content\/uploads\/2013\/09\/Genusstafel_SvE_9685-300x200.jpg\", \"sizes\": { \"thumbnail\" : \"https:\/\/www.kronbergerleben.de\/wp-content\/uploads\/2013\/09\/Genusstafel_SvE_9685-150x100.jpg\", \"medium\" : \"https:\/\/www.kronbergerleben.de\/wp-content\/uploads\/2013\/09\/Genusstafel_SvE_9685-300x200.jpg\", \"large\" : \"https:\/\/www.kronbergerleben.de\/wp-content\/uploads\/2013\/09\/Genusstafel_SvE_9685-1024x683.jpg\", \"full\" : \"https:\/\/www.kronbergerleben.de\/wp-content\/uploads\/2013\/09\/Genusstafel_SvE_9685.jpg\" }, \"caption\": \"3 G\u00e4nge, 4 Weine, 5 K\u00f6che f\u00fcr 200 G\u00e4ste - die Lange Kronberger Genusstafel.\", \"alt\": \"\", \"width\": \"1166\", \"height\": \"778\" ,\"jetpack\" : false },{ \"src\": \"https:\/\/www.kronbergerleben.de\/wp-content\/uploads\/2013\/09\/Genusstafel_SvE_9740.jpg\", \"thumb\": \"https:\/\/www.kronbergerleben.de\/wp-content\/uploads\/2013\/09\/Genusstafel_SvE_9740-300x200.jpg\", \"sizes\": { \"thumbnail\" : \"https:\/\/www.kronbergerleben.de\/wp-content\/uploads\/2013\/09\/Genusstafel_SvE_9740-150x100.jpg\", \"medium\" : \"https:\/\/www.kronbergerleben.de\/wp-content\/uploads\/2013\/09\/Genusstafel_SvE_9740-300x200.jpg\", \"large\" : \"https:\/\/www.kronbergerleben.de\/wp-content\/uploads\/2013\/09\/Genusstafel_SvE_9740-1024x683.jpg\", \"full\" : \"https:\/\/www.kronbergerleben.de\/wp-content\/uploads\/2013\/09\/Genusstafel_SvE_9740.jpg\" }, \"caption\": \"Claudius Je\u00df vom Posthaus, Andreas Jobst vom Weinberg, K\u00f6che von Steierflug&#039;s, dazwischen Farrokh Okhovat-Esfehani von Villa Philippe und Achim Weigand vom gleichnamigen Veranstaltungsservice.\", \"alt\": \"\", \"width\": \"1166\", \"height\": \"778\" ,\"jetpack\" : false },{ \"src\": \"https:\/\/www.kronbergerleben.de\/wp-content\/uploads\/2013\/09\/Impressionen_SvE_9204.jpg\", \"thumb\": \"https:\/\/www.kronbergerleben.de\/wp-content\/uploads\/2013\/09\/Impressionen_SvE_9204-200x300.jpg\", \"sizes\": { \"thumbnail\" : \"https:\/\/www.kronbergerleben.de\/wp-content\/uploads\/2013\/09\/Impressionen_SvE_9204-100x150.jpg\", \"medium\" : \"https:\/\/www.kronbergerleben.de\/wp-content\/uploads\/2013\/09\/Impressionen_SvE_9204-200x300.jpg\", \"large\" : \"https:\/\/www.kronbergerleben.de\/wp-content\/uploads\/2013\/09\/Impressionen_SvE_9204-683x1024.jpg\", \"full\" : \"https:\/\/www.kronbergerleben.de\/wp-content\/uploads\/2013\/09\/Impressionen_SvE_9204.jpg\" }, \"caption\": \"Bei Baumfachmann Torsten Roller ging&#039;s mit eigener Kraft bis in die Wipfel.\", \"alt\": \"\", \"width\": \"778\", \"height\": \"1166\" ,\"jetpack\" : false },{ \"src\": \"https:\/\/www.kronbergerleben.de\/wp-content\/uploads\/2013\/09\/Genusstafel_SvE_9813.jpg\", \"thumb\": \"https:\/\/www.kronbergerleben.de\/wp-content\/uploads\/2013\/09\/Genusstafel_SvE_9813-300x200.jpg\", \"sizes\": { \"thumbnail\" : \"https:\/\/www.kronbergerleben.de\/wp-content\/uploads\/2013\/09\/Genusstafel_SvE_9813-150x100.jpg\", \"medium\" : \"https:\/\/www.kronbergerleben.de\/wp-content\/uploads\/2013\/09\/Genusstafel_SvE_9813-300x200.jpg\", \"large\" : \"https:\/\/www.kronbergerleben.de\/wp-content\/uploads\/2013\/09\/Genusstafel_SvE_9813-1024x683.jpg\", \"full\" : \"https:\/\/www.kronbergerleben.de\/wp-content\/uploads\/2013\/09\/Genusstafel_SvE_9813.jpg\" }, \"caption\": \"Hand in Hand wird das 3-G\u00e4nge-Men\u00fc kredenzt.\", \"alt\": \"\", \"width\": \"1166\", \"height\": \"778\" ,\"jetpack\" : false },{ \"src\": \"https:\/\/www.kronbergerleben.de\/wp-content\/uploads\/2013\/09\/Impressionen_SvE_9547.jpg\", \"thumb\": \"https:\/\/www.kronbergerleben.de\/wp-content\/uploads\/2013\/09\/Impressionen_SvE_9547-200x300.jpg\", \"sizes\": { \"thumbnail\" : \"https:\/\/www.kronbergerleben.de\/wp-content\/uploads\/2013\/09\/Impressionen_SvE_9547-100x150.jpg\", \"medium\" : \"https:\/\/www.kronbergerleben.de\/wp-content\/uploads\/2013\/09\/Impressionen_SvE_9547-200x300.jpg\", \"large\" : \"https:\/\/www.kronbergerleben.de\/wp-content\/uploads\/2013\/09\/Impressionen_SvE_9547-683x1024.jpg\", \"full\" : \"https:\/\/www.kronbergerleben.de\/wp-content\/uploads\/2013\/09\/Impressionen_SvE_9547.jpg\" }, \"caption\": \"Politiker im Wahlkampf, hier Heinz Riesenhuber.\", \"alt\": \"\", \"width\": \"778\", \"height\": \"1166\" ,\"jetpack\" : false },{ \"src\": \"https:\/\/www.kronbergerleben.de\/wp-content\/uploads\/2013\/09\/Modenschau_SvE_9511.jpg\", \"thumb\": \"https:\/\/www.kronbergerleben.de\/wp-content\/uploads\/2013\/09\/Modenschau_SvE_9511-200x300.jpg\", \"sizes\": { \"thumbnail\" : \"https:\/\/www.kronbergerleben.de\/wp-content\/uploads\/2013\/09\/Modenschau_SvE_9511-100x150.jpg\", \"medium\" : \"https:\/\/www.kronbergerleben.de\/wp-content\/uploads\/2013\/09\/Modenschau_SvE_9511-200x300.jpg\", \"large\" : \"https:\/\/www.kronbergerleben.de\/wp-content\/uploads\/2013\/09\/Modenschau_SvE_9511-683x1024.jpg\", \"full\" : \"https:\/\/www.kronbergerleben.de\/wp-content\/uploads\/2013\/09\/Modenschau_SvE_9511.jpg\" }, \"caption\": \"Ja! Ich will... Alles f\u00fcr die Braut zeigt Hochzeitskleider.\", \"alt\": \"\", \"width\": \"778\", \"height\": \"1166\" ,\"jetpack\" : false },{ \"src\": \"https:\/\/www.kronbergerleben.de\/wp-content\/uploads\/2013\/09\/Ausbildungsplatzb\u00f6rse-2013.jpg\", \"thumb\": \"https:\/\/www.kronbergerleben.de\/wp-content\/uploads\/2013\/09\/Ausbildungsplatzb\u00f6rse-2013-300x220.jpg\", \"sizes\": { \"thumbnail\" : \"https:\/\/www.kronbergerleben.de\/wp-content\/uploads\/2013\/09\/Ausbildungsplatzb\u00f6rse-2013-150x110.jpg\", \"medium\" : \"https:\/\/www.kronbergerleben.de\/wp-content\/uploads\/2013\/09\/Ausbildungsplatzb\u00f6rse-2013-300x220.jpg\", \"large\" : \"https:\/\/www.kronbergerleben.de\/wp-content\/uploads\/2013\/09\/Ausbildungsplatzb\u00f6rse-2013.jpg\", \"full\" : \"https:\/\/www.kronbergerleben.de\/wp-content\/uploads\/2013\/09\/Ausbildungsplatzb\u00f6rse-2013.jpg\" }, \"caption\": \"Der Stand der Ausbildungsb\u00f6rse.\", \"alt\": \"\", \"width\": \"998\", \"height\": \"732\" ,\"jetpack\" : false },{ \"src\": \"https:\/\/www.kronbergerleben.de\/wp-content\/uploads\/2013\/09\/Impressionen_SvE_9649.jpg\", \"thumb\": \"https:\/\/www.kronbergerleben.de\/wp-content\/uploads\/2013\/09\/Impressionen_SvE_9649.jpg\", \"sizes\": { \"thumbnail\" : \"https:\/\/www.kronbergerleben.de\/wp-content\/uploads\/2013\/09\/Impressionen_SvE_9649.jpg\", \"medium\" : \"https:\/\/www.kronbergerleben.de\/wp-content\/uploads\/2013\/09\/Impressionen_SvE_9649.jpg\", \"large\" : \"https:\/\/www.kronbergerleben.de\/wp-content\/uploads\/2013\/09\/Impressionen_SvE_9649.jpg\", \"full\" : \"https:\/\/www.kronbergerleben.de\/wp-content\/uploads\/2013\/09\/Impressionen_SvE_9649.jpg\" }, \"caption\": \"Blick auf die gro\u00dfe BDS-B\u00fchne.\", \"alt\": \"\", \"width\": \"0\", \"height\": \"0\" ,\"jetpack\" : false },{ \"src\": \"https:\/\/www.kronbergerleben.de\/wp-content\/uploads\/2013\/09\/Modenschau_SvE_9862.jpg\", \"thumb\": \"https:\/\/www.kronbergerleben.de\/wp-content\/uploads\/2013\/09\/Modenschau_SvE_9862-200x300.jpg\", \"sizes\": { \"thumbnail\" : \"https:\/\/www.kronbergerleben.de\/wp-content\/uploads\/2013\/09\/Modenschau_SvE_9862-100x150.jpg\", \"medium\" : \"https:\/\/www.kronbergerleben.de\/wp-content\/uploads\/2013\/09\/Modenschau_SvE_9862-200x300.jpg\", \"large\" : \"https:\/\/www.kronbergerleben.de\/wp-content\/uploads\/2013\/09\/Modenschau_SvE_9862-683x1024.jpg\", \"full\" : \"https:\/\/www.kronbergerleben.de\/wp-content\/uploads\/2013\/09\/Modenschau_SvE_9862.jpg\" }, \"caption\": \"\", \"alt\": \"\", \"width\": \"778\", \"height\": \"1166\" ,\"jetpack\" : false },{ \"src\": \"https:\/\/www.kronbergerleben.de\/wp-content\/uploads\/2013\/09\/Impressionen_AF_2013_059.jpg\", \"thumb\": \"https:\/\/www.kronbergerleben.de\/wp-content\/uploads\/2013\/09\/Impressionen_AF_2013_059.jpg\", \"sizes\": { \"thumbnail\" : \"https:\/\/www.kronbergerleben.de\/wp-content\/uploads\/2013\/09\/Impressionen_AF_2013_059.jpg\", \"medium\" : \"https:\/\/www.kronbergerleben.de\/wp-content\/uploads\/2013\/09\/Impressionen_AF_2013_059.jpg\", \"large\" : \"https:\/\/www.kronbergerleben.de\/wp-content\/uploads\/2013\/09\/Impressionen_AF_2013_059.jpg\", \"full\" : \"https:\/\/www.kronbergerleben.de\/wp-content\/uploads\/2013\/09\/Impressionen_AF_2013_059.jpg\" }, \"caption\": \"Helmuth Rapp (re) an seinem Apfelstand.\", \"alt\": \"\", \"width\": \"0\", \"height\": \"0\" ,\"jetpack\" : false },{ \"src\": \"https:\/\/www.kronbergerleben.de\/wp-content\/uploads\/2013\/09\/IMG_1782.jpg\", \"thumb\": \"https:\/\/www.kronbergerleben.de\/wp-content\/uploads\/2013\/09\/IMG_1782.jpg\", \"sizes\": { \"thumbnail\" : \"https:\/\/www.kronbergerleben.de\/wp-content\/uploads\/2013\/09\/IMG_1782.jpg\", \"medium\" : \"https:\/\/www.kronbergerleben.de\/wp-content\/uploads\/2013\/09\/IMG_1782.jpg\", \"large\" : \"https:\/\/www.kronbergerleben.de\/wp-content\/uploads\/2013\/09\/IMG_1782.jpg\", \"full\" : \"https:\/\/www.kronbergerleben.de\/wp-content\/uploads\/2013\/09\/IMG_1782.jpg\" }, \"caption\": \"Eojin Lie &amp; Co rocken die neue BDS-B\u00fchne auf dem Parkdeck an der Frankfurter Stra\u00dfe.\", \"alt\": \"\", \"width\": \"0\", \"height\": \"0\" ,\"jetpack\" : false },{ \"src\": \"https:\/\/www.kronbergerleben.de\/wp-content\/uploads\/2013\/09\/IMG_9801_fb.jpg\", \"thumb\": \"https:\/\/www.kronbergerleben.de\/wp-content\/uploads\/2013\/09\/IMG_9801_fb.jpg\", \"sizes\": { \"thumbnail\" : \"https:\/\/www.kronbergerleben.de\/wp-content\/uploads\/2013\/09\/IMG_9801_fb.jpg\", \"medium\" : \"https:\/\/www.kronbergerleben.de\/wp-content\/uploads\/2013\/09\/IMG_9801_fb.jpg\", \"large\" : \"https:\/\/www.kronbergerleben.de\/wp-content\/uploads\/2013\/09\/IMG_9801_fb.jpg\", \"full\" : \"https:\/\/www.kronbergerleben.de\/wp-content\/uploads\/2013\/09\/IMG_9801_fb.jpg\" }, \"caption\": \"Bei Dachdecker Feger werden Schieferherzen geschlagen.\", \"alt\": \"\", \"width\": \"0\", \"height\": \"0\" ,\"jetpack\" : false },{ \"src\": \"https:\/\/www.kronbergerleben.de\/wp-content\/uploads\/2013\/09\/Modenschau_SvE_9989.jpg\", \"thumb\": \"https:\/\/www.kronbergerleben.de\/wp-content\/uploads\/2013\/09\/Modenschau_SvE_9989-300x200.jpg\", \"sizes\": { \"thumbnail\" : \"https:\/\/www.kronbergerleben.de\/wp-content\/uploads\/2013\/09\/Modenschau_SvE_9989-150x100.jpg\", \"medium\" : \"https:\/\/www.kronbergerleben.de\/wp-content\/uploads\/2013\/09\/Modenschau_SvE_9989-300x200.jpg\", \"large\" : \"https:\/\/www.kronbergerleben.de\/wp-content\/uploads\/2013\/09\/Modenschau_SvE_9989-1024x683.jpg\", \"full\" : \"https:\/\/www.kronbergerleben.de\/wp-content\/uploads\/2013\/09\/Modenschau_SvE_9989.jpg\" }, \"caption\": \"Die j\u00fcngsten Models der Kronberger Modenschau.\", \"alt\": \"\", \"width\": \"1166\", \"height\": \"778\" ,\"jetpack\" : false },{ \"src\": \"https:\/\/www.kronbergerleben.de\/wp-content\/uploads\/2013\/09\/IMG_9155_fb.jpg\", \"thumb\": \"https:\/\/www.kronbergerleben.de\/wp-content\/uploads\/2013\/09\/IMG_9155_fb-300x200.jpg\", \"sizes\": { \"thumbnail\" : \"https:\/\/www.kronbergerleben.de\/wp-content\/uploads\/2013\/09\/IMG_9155_fb-150x100.jpg\", \"medium\" : \"https:\/\/www.kronbergerleben.de\/wp-content\/uploads\/2013\/09\/IMG_9155_fb-300x200.jpg\", \"large\" : \"https:\/\/www.kronbergerleben.de\/wp-content\/uploads\/2013\/09\/IMG_9155_fb-1024x683.jpg\", \"full\" : \"https:\/\/www.kronbergerleben.de\/wp-content\/uploads\/2013\/09\/IMG_9155_fb.jpg\" }, \"caption\": \"B\u00fcrgermeister Klaus E.Temmen er\u00f6ffnet kronberg|er|leben.\", \"alt\": \"\", \"width\": \"1166\", \"height\": \"778\" ,\"jetpack\" : false },{ \"src\": \"https:\/\/www.kronbergerleben.de\/wp-content\/uploads\/2013\/09\/Handwerker_SvE_9200.jpg\", \"thumb\": \"https:\/\/www.kronbergerleben.de\/wp-content\/uploads\/2013\/09\/Handwerker_SvE_9200-300x200.jpg\", \"sizes\": { \"thumbnail\" : \"https:\/\/www.kronbergerleben.de\/wp-content\/uploads\/2013\/09\/Handwerker_SvE_9200-150x100.jpg\", \"medium\" : \"https:\/\/www.kronbergerleben.de\/wp-content\/uploads\/2013\/09\/Handwerker_SvE_9200-300x200.jpg\", \"large\" : \"https:\/\/www.kronbergerleben.de\/wp-content\/uploads\/2013\/09\/Handwerker_SvE_9200-1024x683.jpg\", \"full\" : \"https:\/\/www.kronbergerleben.de\/wp-content\/uploads\/2013\/09\/Handwerker_SvE_9200.jpg\" }, \"caption\": \"Nach der Er\u00f6ffnung ziehen die Handwerker in einer Parade zum Berliner Platz.\", \"alt\": \"\", \"width\": \"1166\", \"height\": \"778\" ,\"jetpack\" : false },{ \"src\": \"https:\/\/www.kronbergerleben.de\/wp-content\/uploads\/2013\/09\/Modenschau_SvE_9391.jpg\", \"thumb\": \"https:\/\/www.kronbergerleben.de\/wp-content\/uploads\/2013\/09\/Modenschau_SvE_9391-200x300.jpg\", \"sizes\": { \"thumbnail\" : \"https:\/\/www.kronbergerleben.de\/wp-content\/uploads\/2013\/09\/Modenschau_SvE_9391-100x150.jpg\", \"medium\" : \"https:\/\/www.kronbergerleben.de\/wp-content\/uploads\/2013\/09\/Modenschau_SvE_9391-200x300.jpg\", \"large\" : \"https:\/\/www.kronbergerleben.de\/wp-content\/uploads\/2013\/09\/Modenschau_SvE_9391-683x1024.jpg\", \"full\" : \"https:\/\/www.kronbergerleben.de\/wp-content\/uploads\/2013\/09\/Modenschau_SvE_9391.jpg\" }, \"caption\": \"\", \"alt\": \"\", \"width\": \"778\", \"height\": \"1166\" ,\"jetpack\" : false },{ \"src\": \"https:\/\/www.kronbergerleben.de\/wp-content\/uploads\/2013\/09\/Er\u00f6ffnung-der-Ausbildungplatzb\u00f6rse.jpg\", \"thumb\": \"https:\/\/www.kronbergerleben.de\/wp-content\/uploads\/2013\/09\/Er\u00f6ffnung-der-Ausbildungplatzb\u00f6rse-300x224.jpg\", \"sizes\": { \"thumbnail\" : \"https:\/\/www.kronbergerleben.de\/wp-content\/uploads\/2013\/09\/Er\u00f6ffnung-der-Ausbildungplatzb\u00f6rse-150x112.jpg\", \"medium\" : \"https:\/\/www.kronbergerleben.de\/wp-content\/uploads\/2013\/09\/Er\u00f6ffnung-der-Ausbildungplatzb\u00f6rse-300x224.jpg\", \"large\" : \"https:\/\/www.kronbergerleben.de\/wp-content\/uploads\/2013\/09\/Er\u00f6ffnung-der-Ausbildungplatzb\u00f6rse.jpg\", \"full\" : \"https:\/\/www.kronbergerleben.de\/wp-content\/uploads\/2013\/09\/Er\u00f6ffnung-der-Ausbildungplatzb\u00f6rse.jpg\" }, \"caption\": \"Klaus E. Temmen begr\u00fc\u00dft die Sch\u00fcler der AKS, die sich f\u00fcr die Ausbildungs- und Praktikantenpl\u00e4tze interessieren.\", \"alt\": \"\", \"width\": \"925\", \"height\": \"693\" ,\"jetpack\" : false },{ \"src\": \"https:\/\/www.kronbergerleben.de\/wp-content\/uploads\/2013\/09\/Genusstafel_AF_2013_051.jpg\", \"thumb\": \"https:\/\/www.kronbergerleben.de\/wp-content\/uploads\/2013\/09\/Genusstafel_AF_2013_051.jpg\", \"sizes\": { \"thumbnail\" : \"https:\/\/www.kronbergerleben.de\/wp-content\/uploads\/2013\/09\/Genusstafel_AF_2013_051.jpg\", \"medium\" : \"https:\/\/www.kronbergerleben.de\/wp-content\/uploads\/2013\/09\/Genusstafel_AF_2013_051.jpg\", \"large\" : \"https:\/\/www.kronbergerleben.de\/wp-content\/uploads\/2013\/09\/Genusstafel_AF_2013_051.jpg\", \"full\" : \"https:\/\/www.kronbergerleben.de\/wp-content\/uploads\/2013\/09\/Genusstafel_AF_2013_051.jpg\" }, \"caption\": \"Die Lange Kronberger Genusstafel unter den Arkaden am Berliner Platz.\", \"alt\": \"\", \"width\": \"0\", \"height\": \"0\" ,\"jetpack\" : false },{ \"src\": \"https:\/\/www.kronbergerleben.de\/wp-content\/uploads\/2013\/09\/Handwerker_SvE_9228.jpg\", \"thumb\": \"https:\/\/www.kronbergerleben.de\/wp-content\/uploads\/2013\/09\/Handwerker_SvE_9228-200x300.jpg\", \"sizes\": { \"thumbnail\" : \"https:\/\/www.kronbergerleben.de\/wp-content\/uploads\/2013\/09\/Handwerker_SvE_9228-100x150.jpg\", \"medium\" : \"https:\/\/www.kronbergerleben.de\/wp-content\/uploads\/2013\/09\/Handwerker_SvE_9228-200x300.jpg\", \"large\" : \"https:\/\/www.kronbergerleben.de\/wp-content\/uploads\/2013\/09\/Handwerker_SvE_9228-683x1024.jpg\", \"full\" : \"https:\/\/www.kronbergerleben.de\/wp-content\/uploads\/2013\/09\/Handwerker_SvE_9228.jpg\" }, \"caption\": \"Steinmetz Uhlemann haut kronbergerleben in Bleischrift.\", \"alt\": \"\", \"width\": \"778\", \"height\": \"1166\" ,\"jetpack\" : false },{ \"src\": \"https:\/\/www.kronbergerleben.de\/wp-content\/uploads\/2013\/09\/Handwerker_SvE_9196.jpg\", \"thumb\": \"https:\/\/www.kronbergerleben.de\/wp-content\/uploads\/2013\/09\/Handwerker_SvE_9196-300x199.jpg\", \"sizes\": { \"thumbnail\" : \"https:\/\/www.kronbergerleben.de\/wp-content\/uploads\/2013\/09\/Handwerker_SvE_9196-150x99.jpg\", \"medium\" : \"https:\/\/www.kronbergerleben.de\/wp-content\/uploads\/2013\/09\/Handwerker_SvE_9196-300x199.jpg\", \"large\" : \"https:\/\/www.kronbergerleben.de\/wp-content\/uploads\/2013\/09\/Handwerker_SvE_9196-1024x682.jpg\", \"full\" : \"https:\/\/www.kronbergerleben.de\/wp-content\/uploads\/2013\/09\/Handwerker_SvE_9196.jpg\" }, \"caption\": \"\", \"alt\": \"\", \"width\": \"1252\", \"height\": \"834\" ,\"jetpack\" : false },{ \"src\": \"https:\/\/www.kronbergerleben.de\/wp-content\/uploads\/2013\/09\/TamTam_SvE_9428.jpg\", \"thumb\": \"https:\/\/www.kronbergerleben.de\/wp-content\/uploads\/2013\/09\/TamTam_SvE_9428-300x200.jpg\", \"sizes\": { \"thumbnail\" : \"https:\/\/www.kronbergerleben.de\/wp-content\/uploads\/2013\/09\/TamTam_SvE_9428-150x100.jpg\", \"medium\" : \"https:\/\/www.kronbergerleben.de\/wp-content\/uploads\/2013\/09\/TamTam_SvE_9428-300x200.jpg\", \"large\" : \"https:\/\/www.kronbergerleben.de\/wp-content\/uploads\/2013\/09\/TamTam_SvE_9428-1024x683.jpg\", \"full\" : \"https:\/\/www.kronbergerleben.de\/wp-content\/uploads\/2013\/09\/TamTam_SvE_9428.jpg\" }, \"caption\": \"TamTam zeigt Damenmode.\", \"alt\": \"\", \"width\": \"1166\", \"height\": \"778\" ,\"jetpack\" : false },{ \"src\": \"https:\/\/www.kronbergerleben.de\/wp-content\/uploads\/2013\/09\/Impressionen_SvE_95651.jpg\", \"thumb\": \"https:\/\/www.kronbergerleben.de\/wp-content\/uploads\/2013\/09\/Impressionen_SvE_95651-200x300.jpg\", \"sizes\": { \"thumbnail\" : \"https:\/\/www.kronbergerleben.de\/wp-content\/uploads\/2013\/09\/Impressionen_SvE_95651-100x150.jpg\", \"medium\" : \"https:\/\/www.kronbergerleben.de\/wp-content\/uploads\/2013\/09\/Impressionen_SvE_95651-200x300.jpg\", \"large\" : \"https:\/\/www.kronbergerleben.de\/wp-content\/uploads\/2013\/09\/Impressionen_SvE_95651-683x1024.jpg\", \"full\" : \"https:\/\/www.kronbergerleben.de\/wp-content\/uploads\/2013\/09\/Impressionen_SvE_95651.jpg\" }, \"caption\": \"Frau Korte von P+P Projekt und Produkt zeigt, wie sich Besucher Handt\u00fccher selbst bedrucken k\u00f6nnen.\", \"alt\": \"\", \"width\": \"778\", \"height\": \"1166\" ,\"jetpack\" : false },{ \"src\": \"https:\/\/www.kronbergerleben.de\/wp-content\/uploads\/2013\/09\/MTV_SvE__9237.jpg\", \"thumb\": \"https:\/\/www.kronbergerleben.de\/wp-content\/uploads\/2013\/09\/MTV_SvE__9237-200x300.jpg\", \"sizes\": { \"thumbnail\" : \"https:\/\/www.kronbergerleben.de\/wp-content\/uploads\/2013\/09\/MTV_SvE__9237-100x150.jpg\", \"medium\" : \"https:\/\/www.kronbergerleben.de\/wp-content\/uploads\/2013\/09\/MTV_SvE__9237-200x300.jpg\", \"large\" : \"https:\/\/www.kronbergerleben.de\/wp-content\/uploads\/2013\/09\/MTV_SvE__9237-683x1024.jpg\", \"full\" : \"https:\/\/www.kronbergerleben.de\/wp-content\/uploads\/2013\/09\/MTV_SvE__9237.jpg\" }, \"caption\": \"Der MTV f\u00fchrt Judo vor.\", \"alt\": \"\", \"width\": \"778\", \"height\": \"1166\" ,\"jetpack\" : false },{ \"src\": \"https:\/\/www.kronbergerleben.de\/wp-content\/uploads\/2013\/09\/Modenschau_SvE_9292.jpg\", \"thumb\": \"https:\/\/www.kronbergerleben.de\/wp-content\/uploads\/2013\/09\/Modenschau_SvE_9292-300x200.jpg\", \"sizes\": { \"thumbnail\" : \"https:\/\/www.kronbergerleben.de\/wp-content\/uploads\/2013\/09\/Modenschau_SvE_9292-150x100.jpg\", \"medium\" : \"https:\/\/www.kronbergerleben.de\/wp-content\/uploads\/2013\/09\/Modenschau_SvE_9292-300x200.jpg\", \"large\" : \"https:\/\/www.kronbergerleben.de\/wp-content\/uploads\/2013\/09\/Modenschau_SvE_9292-1024x683.jpg\", \"full\" : \"https:\/\/www.kronbergerleben.de\/wp-content\/uploads\/2013\/09\/Modenschau_SvE_9292.jpg\" }, \"caption\": \"\", \"alt\": \"\", \"width\": \"1166\", \"height\": \"778\" ,\"jetpack\" : false },{ \"src\": \"https:\/\/www.kronbergerleben.de\/wp-content\/uploads\/2013\/09\/B\u00fchne_M\u00e4nner_AF_2013_014.jpg\", \"thumb\": \"https:\/\/www.kronbergerleben.de\/wp-content\/uploads\/2013\/09\/B\u00fchne_M\u00e4nner_AF_2013_014.jpg\", \"sizes\": { \"thumbnail\" : \"https:\/\/www.kronbergerleben.de\/wp-content\/uploads\/2013\/09\/B\u00fchne_M\u00e4nner_AF_2013_014.jpg\", \"medium\" : \"https:\/\/www.kronbergerleben.de\/wp-content\/uploads\/2013\/09\/B\u00fchne_M\u00e4nner_AF_2013_014.jpg\", \"large\" : \"https:\/\/www.kronbergerleben.de\/wp-content\/uploads\/2013\/09\/B\u00fchne_M\u00e4nner_AF_2013_014.jpg\", \"full\" : \"https:\/\/www.kronbergerleben.de\/wp-content\/uploads\/2013\/09\/B\u00fchne_M\u00e4nner_AF_2013_014.jpg\" }, \"caption\": \"Der M\u00e4nnergesangverein Kronberg er\u00f6ffnet die B\u00fchne im Recepturhof.\", \"alt\": \"\", \"width\": \"0\", \"height\": \"0\" ,\"jetpack\" : false },{ \"src\": \"https:\/\/www.kronbergerleben.de\/wp-content\/uploads\/2013\/09\/Modenschau_SvE_9533.jpg\", \"thumb\": \"https:\/\/www.kronbergerleben.de\/wp-content\/uploads\/2013\/09\/Modenschau_SvE_9533-300x200.jpg\", \"sizes\": { \"thumbnail\" : \"https:\/\/www.kronbergerleben.de\/wp-content\/uploads\/2013\/09\/Modenschau_SvE_9533-150x100.jpg\", \"medium\" : \"https:\/\/www.kronbergerleben.de\/wp-content\/uploads\/2013\/09\/Modenschau_SvE_9533-300x200.jpg\", \"large\" : \"https:\/\/www.kronbergerleben.de\/wp-content\/uploads\/2013\/09\/Modenschau_SvE_9533-1024x683.jpg\", \"full\" : \"https:\/\/www.kronbergerleben.de\/wp-content\/uploads\/2013\/09\/Modenschau_SvE_9533.jpg\" }, \"caption\": \"\", \"alt\": \"\", \"width\": \"1166\", \"height\": \"778\" ,\"jetpack\" : false },{ \"src\": \"https:\/\/www.kronbergerleben.de\/wp-content\/uploads\/2013\/09\/B\u00fchne-Oserian-Hof-Recyler_SvE_9616.jpg\", \"thumb\": \"https:\/\/www.kronbergerleben.de\/wp-content\/uploads\/2013\/09\/B\u00fchne-Oserian-Hof-Recyler_SvE_9616-300x200.jpg\", \"sizes\": { \"thumbnail\" : \"https:\/\/www.kronbergerleben.de\/wp-content\/uploads\/2013\/09\/B\u00fchne-Oserian-Hof-Recyler_SvE_9616-150x100.jpg\", \"medium\" : \"https:\/\/www.kronbergerleben.de\/wp-content\/uploads\/2013\/09\/B\u00fchne-Oserian-Hof-Recyler_SvE_9616-300x200.jpg\", \"large\" : \"https:\/\/www.kronbergerleben.de\/wp-content\/uploads\/2013\/09\/B\u00fchne-Oserian-Hof-Recyler_SvE_9616-1024x683.jpg\", \"full\" : \"https:\/\/www.kronbergerleben.de\/wp-content\/uploads\/2013\/09\/B\u00fchne-Oserian-Hof-Recyler_SvE_9616.jpg\" }, \"caption\": \"Die Recylcer aus Kronberg rocken die B\u00fchne im Oserian-Hof in der Adlerstra\u00dfe.\", \"alt\": \"\", \"width\": \"1166\", \"height\": \"778\" ,\"jetpack\" : false },{ \"src\": \"https:\/\/www.kronbergerleben.de\/wp-content\/uploads\/2013\/09\/Peer-Hildmann-im-Gespr\u00e4ch.jpg\", \"thumb\": \"https:\/\/www.kronbergerleben.de\/wp-content\/uploads\/2013\/09\/Peer-Hildmann-im-Gespr\u00e4ch-300x225.jpg\", \"sizes\": { \"thumbnail\" : \"https:\/\/www.kronbergerleben.de\/wp-content\/uploads\/2013\/09\/Peer-Hildmann-im-Gespr\u00e4ch-150x112.jpg\", \"medium\" : \"https:\/\/www.kronbergerleben.de\/wp-content\/uploads\/2013\/09\/Peer-Hildmann-im-Gespr\u00e4ch-300x225.jpg\", \"large\" : \"https:\/\/www.kronbergerleben.de\/wp-content\/uploads\/2013\/09\/Peer-Hildmann-im-Gespr\u00e4ch.jpg\", \"full\" : \"https:\/\/www.kronbergerleben.de\/wp-content\/uploads\/2013\/09\/Peer-Hildmann-im-Gespr\u00e4ch.jpg\" }, \"caption\": \"\", \"alt\": \"\", \"width\": \"792\", \"height\": \"594\" ,\"jetpack\" : false },{ \"src\": \"https:\/\/www.kronbergerleben.de\/wp-content\/uploads\/2013\/09\/Malerkolonie_SvE_9643.jpg\", \"thumb\": \"https:\/\/www.kronbergerleben.de\/wp-content\/uploads\/2013\/09\/Malerkolonie_SvE_9643-300x198.jpg\", \"sizes\": { \"thumbnail\" : \"https:\/\/www.kronbergerleben.de\/wp-content\/uploads\/2013\/09\/Malerkolonie_SvE_9643-150x99.jpg\", \"medium\" : \"https:\/\/www.kronbergerleben.de\/wp-content\/uploads\/2013\/09\/Malerkolonie_SvE_9643-300x198.jpg\", \"large\" : \"https:\/\/www.kronbergerleben.de\/wp-content\/uploads\/2013\/09\/Malerkolonie_SvE_9643-1024x678.jpg\", \"full\" : \"https:\/\/www.kronbergerleben.de\/wp-content\/uploads\/2013\/09\/Malerkolonie_SvE_9643.jpg\" }, \"caption\": \"Die Museumsgesellschaft Kronberg e.V. stellte Gem\u00e4ldekopien vor und an der Streitkirche aus.\", \"alt\": \"\", \"width\": \"1120\", \"height\": \"742\" ,\"jetpack\" : false },{ \"src\": \"https:\/\/www.kronbergerleben.de\/wp-content\/uploads\/2013\/09\/Malerkolonie_SvE_9589.jpg\", \"thumb\": \"https:\/\/www.kronbergerleben.de\/wp-content\/uploads\/2013\/09\/Malerkolonie_SvE_9589-300x200.jpg\", \"sizes\": { \"thumbnail\" : \"https:\/\/www.kronbergerleben.de\/wp-content\/uploads\/2013\/09\/Malerkolonie_SvE_9589-150x100.jpg\", \"medium\" : \"https:\/\/www.kronbergerleben.de\/wp-content\/uploads\/2013\/09\/Malerkolonie_SvE_9589-300x200.jpg\", \"large\" : \"https:\/\/www.kronbergerleben.de\/wp-content\/uploads\/2013\/09\/Malerkolonie_SvE_9589-1024x683.jpg\", \"full\" : \"https:\/\/www.kronbergerleben.de\/wp-content\/uploads\/2013\/09\/Malerkolonie_SvE_9589.jpg\" }, \"caption\": \"\", \"alt\": \"\", \"width\": \"1166\", \"height\": \"778\" ,\"jetpack\" : false },{ \"src\": \"https:\/\/www.kronbergerleben.de\/wp-content\/uploads\/2013\/09\/Genusstafel_AF_2013_046.jpg\", \"thumb\": \"https:\/\/www.kronbergerleben.de\/wp-content\/uploads\/2013\/09\/Genusstafel_AF_2013_046.jpg\", \"sizes\": { \"thumbnail\" : \"https:\/\/www.kronbergerleben.de\/wp-content\/uploads\/2013\/09\/Genusstafel_AF_2013_046.jpg\", \"medium\" : \"https:\/\/www.kronbergerleben.de\/wp-content\/uploads\/2013\/09\/Genusstafel_AF_2013_046.jpg\", \"large\" : \"https:\/\/www.kronbergerleben.de\/wp-content\/uploads\/2013\/09\/Genusstafel_AF_2013_046.jpg\", \"full\" : \"https:\/\/www.kronbergerleben.de\/wp-content\/uploads\/2013\/09\/Genusstafel_AF_2013_046.jpg\" }, \"caption\": \"\", \"alt\": \"\", \"width\": \"0\", \"height\": \"0\" ,\"jetpack\" : false },{ \"src\": \"https:\/\/www.kronbergerleben.de\/wp-content\/uploads\/2013\/09\/Altstadtkreis_SvE_9557.jpg\", \"thumb\": \"https:\/\/www.kronbergerleben.de\/wp-content\/uploads\/2013\/09\/Altstadtkreis_SvE_9557-300x200.jpg\", \"sizes\": { \"thumbnail\" : \"https:\/\/www.kronbergerleben.de\/wp-content\/uploads\/2013\/09\/Altstadtkreis_SvE_9557-150x100.jpg\", \"medium\" : \"https:\/\/www.kronbergerleben.de\/wp-content\/uploads\/2013\/09\/Altstadtkreis_SvE_9557-300x200.jpg\", \"large\" : \"https:\/\/www.kronbergerleben.de\/wp-content\/uploads\/2013\/09\/Altstadtkreis_SvE_9557-1024x683.jpg\", \"full\" : \"https:\/\/www.kronbergerleben.de\/wp-content\/uploads\/2013\/09\/Altstadtkreis_SvE_9557.jpg\" }, \"caption\": \"Der Aktionskreis Lebenswerte Altstadt Kronberg e.V. (Mitte li: Richard Jung und re: Hans-Willi Schmidt) bot F\u00fchrungen durch Kronberg an.\", \"alt\": \"\", \"width\": \"1166\", \"height\": \"778\" ,\"jetpack\" : false },{ \"src\": \"https:\/\/www.kronbergerleben.de\/wp-content\/uploads\/2013\/09\/F\u00f6rderer-Ope-Zoo_SvE_9639.jpg\", \"thumb\": \"https:\/\/www.kronbergerleben.de\/wp-content\/uploads\/2013\/09\/F\u00f6rderer-Ope-Zoo_SvE_9639-300x200.jpg\", \"sizes\": { \"thumbnail\" : \"https:\/\/www.kronbergerleben.de\/wp-content\/uploads\/2013\/09\/F\u00f6rderer-Ope-Zoo_SvE_9639-150x100.jpg\", \"medium\" : \"https:\/\/www.kronbergerleben.de\/wp-content\/uploads\/2013\/09\/F\u00f6rderer-Ope-Zoo_SvE_9639-300x200.jpg\", \"large\" : \"https:\/\/www.kronbergerleben.de\/wp-content\/uploads\/2013\/09\/F\u00f6rderer-Ope-Zoo_SvE_9639-1024x683.jpg\", \"full\" : \"https:\/\/www.kronbergerleben.de\/wp-content\/uploads\/2013\/09\/F\u00f6rderer-Ope-Zoo_SvE_9639.jpg\" }, \"caption\": \"Dr. Thomas Kauffels (Mitte), Direktor des Opel-Zoos, am Stand der Freunde und F\u00f6rderer des Opel-Zoos e.V.\", \"alt\": \"\", \"width\": \"1166\", \"height\": \"778\" ,\"jetpack\" : false }]; <\/script> <script type=\"text\/javascript\" data-photomosaic-call=\"true\"> JQPM(document).ready(function($) { $(\"#photoMosaicTarget1184968667\").photoMosaic({ gallery: PMalbum1184968667, padding: 2, columns: 'auto', width: 'auto', height: 'auto', center: true, prevent_crop: false, links: true, external_links: false, show_loading: false, loading_transition: \"fade\", responsive_transition: true, modal_name: \"pmlightbox\", modal_group: true, sizes: { thumbnail: 150, medium: 300, large: 1024 }, modal_ready_callback : function($photomosaic){ $(\"a[rel^='pmlightbox']\", $photomosaic).prettyPhoto({ overlay_gallery: false, slideshow: false, theme: \"pp_default\", deeplinking: false, show_title: false, social_tools: \"\" }); }, order: \"rows\" }); }); <\/script><div id=\"photoMosaicTarget1184968667\" data-version=\"2.4.7\"><\/div><\/p>","protected":false},"excerpt":{"rendered":"<p>Dear visitors, The kronbergerleben Autumn Market is transforming into \u201cRendezvous in Kronberg\u201d. Rendezvous in Kronberg brings together the best of the kronbergerleben Autumn Market, the Kulturnacht, the Fest der Vielfalt, and other Kronberg events. For the first time, this festival will take place on Sunday, September 14, 2025. On this day, shops will be open [&hellip;]<\/p>\n","protected":false},"author":1,"featured_media":0,"parent":0,"menu_order":0,"comment_status":"open","ping_status":"closed","template":"","meta":{"footnotes":""},"class_list":["post-2","page","type-page","status-publish","hentry"],"yoast_head":"<!-- This site is optimized with the Yoast SEO plugin v24.9 - https:\/\/yoast.com\/wordpress\/plugins\/seo\/ -->\n<title>kronbergerleben - Herbstmarkt 2.0<\/title>\n<meta name=\"description\" content=\"kronbergerleben-Herbstmarkt 2.0 - Das Fest der Kronberger Handwerker, H\u00e4ndler, Dienstleister, Gastronomen, Vereine und Institutionen in Kronberg im Taunus.\" \/>\n<meta name=\"robots\" content=\"index, follow, max-snippet:-1, max-image-preview:large, max-video-preview:-1\" \/>\n<link rel=\"canonical\" href=\"https:\/\/www.kronbergerleben.de\/en\/\" \/>\n<meta property=\"og:locale\" content=\"en_US\" \/>\n<meta property=\"og:type\" content=\"article\" \/>\n<meta property=\"og:title\" content=\"kronbergerleben - Herbstmarkt 2.0\" \/>\n<meta property=\"og:description\" content=\"kronbergerleben-Herbstmarkt 2.0 - Das Fest der Kronberger Handwerker, H\u00e4ndler, Dienstleister, Gastronomen, Vereine und Institutionen in Kronberg im Taunus.\" \/>\n<meta property=\"og:url\" content=\"https:\/\/www.kronbergerleben.de\/en\/\" \/>\n<meta property=\"og:site_name\" content=\"kronberg|er|leben\" \/>\n<meta property=\"article:modified_time\" content=\"2025-01-31T14:40:37+00:00\" \/>\n<meta name=\"twitter:label1\" content=\"Est. reading time\" \/>\n\t<meta name=\"twitter:data1\" content=\"1 minute\" \/>\n<script type=\"application\/ld+json\" class=\"yoast-schema-graph\">{\"@context\":\"https:\/\/schema.org\",\"@graph\":[{\"@type\":\"WebPage\",\"@id\":\"https:\/\/www.kronbergerleben.de\/en\/\",\"url\":\"https:\/\/www.kronbergerleben.de\/en\/\",\"name\":\"kronbergerleben - Herbstmarkt 2.0\",\"isPartOf\":{\"@id\":\"https:\/\/www.kronbergerleben.de\/en\/#website\"},\"datePublished\":\"2013-05-14T13:20:27+00:00\",\"dateModified\":\"2025-01-31T14:40:37+00:00\",\"description\":\"kronbergerleben-Herbstmarkt 2.0 - Das Fest der Kronberger Handwerker, H\u00e4ndler, Dienstleister, Gastronomen, Vereine und Institutionen in Kronberg im Taunus.\",\"breadcrumb\":{\"@id\":\"https:\/\/www.kronbergerleben.de\/en\/#breadcrumb\"},\"inLanguage\":\"en-US\",\"potentialAction\":[{\"@type\":\"ReadAction\",\"target\":[[\"https:\/\/www.kronbergerleben.de\/en\/\"]]}]},{\"@type\":\"BreadcrumbList\",\"@id\":\"https:\/\/www.kronbergerleben.de\/en\/#breadcrumb\",\"itemListElement\":[{\"@type\":\"ListItem\",\"position\":1,\"name\":\"Home\",\"item\":\"https:\/\/www.kronbergerleben.de\/en\/\"},{\"@type\":\"ListItem\",\"position\":2,\"name\":\"kronbergerleben &#8211; Herbstmarkt\"}]},{\"@type\":\"WebSite\",\"@id\":\"https:\/\/www.kronbergerleben.de\/en\/#website\",\"url\":\"https:\/\/www.kronbergerleben.de\/en\/\",\"name\":\"kronberg|er|leben\",\"description\":\"Herbstmarkt 2.0\",\"potentialAction\":[{\"@type\":\"SearchAction\",\"target\":{\"@type\":\"EntryPoint\",\"urlTemplate\":\"https:\/\/www.kronbergerleben.de\/en\/?s={search_term_string}\"},\"query-input\":{\"@type\":\"PropertyValueSpecification\",\"valueRequired\":true,\"valueName\":\"search_term_string\"}}],\"inLanguage\":\"en-US\"}]}<\/script>\n<!-- \/ Yoast SEO plugin. -->","yoast_head_json":{"title":"kronbergerleben - Herbstmarkt 2.0","description":"kronbergerleben-Herbstmarkt 2.0 - Das Fest der Kronberger Handwerker, H\u00e4ndler, Dienstleister, Gastronomen, Vereine und Institutionen in Kronberg im Taunus.","robots":{"index":"index","follow":"follow","max-snippet":"max-snippet:-1","max-image-preview":"max-image-preview:large","max-video-preview":"max-video-preview:-1"},"canonical":"https:\/\/www.kronbergerleben.de\/en\/","og_locale":"en_US","og_type":"article","og_title":"kronbergerleben - Herbstmarkt 2.0","og_description":"kronbergerleben-Herbstmarkt 2.0 - Das Fest der Kronberger Handwerker, H\u00e4ndler, Dienstleister, Gastronomen, Vereine und Institutionen in Kronberg im Taunus.","og_url":"https:\/\/www.kronbergerleben.de\/en\/","og_site_name":"kronberg|er|leben","article_modified_time":"2025-01-31T14:40:37+00:00","twitter_misc":{"Est. reading time":"1 minute"},"schema":{"@context":"https:\/\/schema.org","@graph":[{"@type":"WebPage","@id":"https:\/\/www.kronbergerleben.de\/en\/","url":"https:\/\/www.kronbergerleben.de\/en\/","name":"kronbergerleben - Herbstmarkt 2.0","isPartOf":{"@id":"https:\/\/www.kronbergerleben.de\/en\/#website"},"datePublished":"2013-05-14T13:20:27+00:00","dateModified":"2025-01-31T14:40:37+00:00","description":"kronbergerleben-Herbstmarkt 2.0 - Das Fest der Kronberger Handwerker, H\u00e4ndler, Dienstleister, Gastronomen, Vereine und Institutionen in Kronberg im Taunus.","breadcrumb":{"@id":"https:\/\/www.kronbergerleben.de\/en\/#breadcrumb"},"inLanguage":"en-US","potentialAction":[{"@type":"ReadAction","target":[["https:\/\/www.kronbergerleben.de\/en\/"]]}]},{"@type":"BreadcrumbList","@id":"https:\/\/www.kronbergerleben.de\/en\/#breadcrumb","itemListElement":[{"@type":"ListItem","position":1,"name":"Home","item":"https:\/\/www.kronbergerleben.de\/en\/"},{"@type":"ListItem","position":2,"name":"kronbergerleben &#8211; Herbstmarkt"}]},{"@type":"WebSite","@id":"https:\/\/www.kronbergerleben.de\/en\/#website","url":"https:\/\/www.kronbergerleben.de\/en\/","name":"kronberg|er|leben","description":"Herbstmarkt 2.0","potentialAction":[{"@type":"SearchAction","target":{"@type":"EntryPoint","urlTemplate":"https:\/\/www.kronbergerleben.de\/en\/?s={search_term_string}"},"query-input":{"@type":"PropertyValueSpecification","valueRequired":true,"valueName":"search_term_string"}}],"inLanguage":"en-US"}]}},"_links":{"self":[{"href":"https:\/\/www.kronbergerleben.de\/en\/wp-json\/wp\/v2\/pages\/2"}],"collection":[{"href":"https:\/\/www.kronbergerleben.de\/en\/wp-json\/wp\/v2\/pages"}],"about":[{"href":"https:\/\/www.kronbergerleben.de\/en\/wp-json\/wp\/v2\/types\/page"}],"author":[{"embeddable":true,"href":"https:\/\/www.kronbergerleben.de\/en\/wp-json\/wp\/v2\/users\/1"}],"replies":[{"embeddable":true,"href":"https:\/\/www.kronbergerleben.de\/en\/wp-json\/wp\/v2\/comments?post=2"}],"version-history":[{"count":462,"href":"https:\/\/www.kronbergerleben.de\/en\/wp-json\/wp\/v2\/pages\/2\/revisions"}],"predecessor-version":[{"id":2558,"href":"https:\/\/www.kronbergerleben.de\/en\/wp-json\/wp\/v2\/pages\/2\/revisions\/2558"}],"wp:attachment":[{"href":"https:\/\/www.kronbergerleben.de\/en\/wp-json\/wp\/v2\/media?parent=2"}],"curies":[{"name":"wp","href":"https:\/\/api.w.org\/{rel}","templated":true}]}}